{"id":8944,"date":"2023-10-09T23:26:02","date_gmt":"2023-10-10T02:26:02","guid":{"rendered":"https:\/\/gabyvalenzuela.cl\/upgrades\/apl\/?page_id=8944"},"modified":"2025-02-27T17:15:11","modified_gmt":"2025-02-27T20:15:11","slug":"las-grandes-cifras-del-reciclaje","status":"publish","type":"page","link":"https:\/\/www.asipla.cl\/marketplace\/las-grandes-cifras-del-reciclaje\/","title":{"rendered":"Las grandes cifras del reciclaje"},"content":{"rendered":"<section class=\"l-section wpb_row height_auto width_full\"><div class=\"l-section-h i-cf\"><div class=\"g-cols vc_row via_grid cols_1 laptops-cols_inherit tablets-cols_inherit mobiles-cols_1 valign_top type_default stacking_default\"><div class=\"wpb_column vc_column_container\"><div class=\"vc_column-inner\">\n\t\t\t<!-- START Cifras REVOLUTION SLIDER 6.6.18 --><p class=\"rs-p-wp-fix\"><\/p>\n\t\t\t<rs-module-wrap id=\"rev_slider_20_1_wrapper\" data-source=\"gallery\" style=\"visibility:hidden;background:transparent;padding:0;margin:0px auto;margin-top:0;margin-bottom:0;\">\n\t\t\t\t<rs-module id=\"rev_slider_20_1\" style=\"\" data-version=\"6.6.18\">\n\t\t\t\t\t<rs-slides style=\"overflow: hidden; position: absolute;\">\n\t\t\t\t\t\t<rs-slide style=\"position: absolute;\" data-key=\"rs-36\" data-title=\"Slide\" data-in=\"o:0;\" data-out=\"a:false;\">\n\t\t\t\t\t\t\t<img decoding=\"async\" src=\"\/\/www.asipla.cl\/marketplace\/wp-content\/plugins\/revslider\/public\/assets\/assets\/dummy.png\" alt=\"\" title=\"slide_6\" width=\"1200\" height=\"400\" class=\"rev-slidebg tp-rs-img rs-lazyload\" data-lazyload=\"\/\/www.asipla.cl\/marketplace\/wp-content\/uploads\/2023\/09\/slide_6.jpg\" data-no-retina>\n<!--\n\t\t\t\t\t\t\t--><rs-layer\n\t\t\t\t\t\t\t\tid=\"slider-20-slide-36-layer-0\" \n\t\t\t\t\t\t\t\tdata-type=\"text\"\n\t\t\t\t\t\t\t\tdata-color=\"#ffffff\"\n\t\t\t\t\t\t\t\tdata-rsp_ch=\"on\"\n\t\t\t\t\t\t\t\tdata-xy=\"x:c;y:c;\"\n\t\t\t\t\t\t\t\tdata-text=\"w:normal;s:30;l:37;fw:700;a:center;\"\n\t\t\t\t\t\t\t\tdata-frame_999=\"o:0;st:w;\"\n\t\t\t\t\t\t\t\tstyle=\"z-index:7;font-family:'Montserrat';\"\n\t\t\t\t\t\t\t>\u201cLos pl\u00e1sticos son una amplia familia de resinas <br \/>\nque se inventaron para mejorar la calidad de vida de las personas\u201d \n\t\t\t\t\t\t\t<\/rs-layer><!--\n\n\t\t\t\t\t\t\t--><rs-layer\n\t\t\t\t\t\t\t\tid=\"slider-20-slide-36-layer-1\" \n\t\t\t\t\t\t\t\tdata-type=\"text\"\n\t\t\t\t\t\t\t\tdata-color=\"#ffffff\"\n\t\t\t\t\t\t\t\tdata-rsp_ch=\"on\"\n\t\t\t\t\t\t\t\tdata-xy=\"x:c;y:b;yo:5px;\"\n\t\t\t\t\t\t\t\tdata-text=\"w:normal;s:16;l:37;fw:700;a:center;\"\n\t\t\t\t\t\t\t\tdata-frame_999=\"o:0;st:w;\"\n\t\t\t\t\t\t\t\tstyle=\"z-index:6;font-family:'Montserrat';\"\n\t\t\t\t\t\t\t>Foto: Producto de Revalora \n\t\t\t\t\t\t\t<\/rs-layer><!--\n-->\t\t\t\t\t\t<\/rs-slide>\n\t\t\t\t\t<\/rs-slides>\n\t\t\t\t<\/rs-module>\n\t\t\t\t<script>\n\t\t\t\t\tsetREVStartSize({c: 'rev_slider_20_1',rl:[1240,1024,778,480],el:[400],gw:[1200],gh:[400],type:'standard',justify:'',layout:'fullwidth',mh:\"0\"});if (window.RS_MODULES!==undefined && window.RS_MODULES.modules!==undefined && window.RS_MODULES.modules[\"revslider201\"]!==undefined) {window.RS_MODULES.modules[\"revslider201\"].once = false;window.revapi20 = undefined;if (window.RS_MODULES.checkMinimal!==undefined) window.RS_MODULES.checkMinimal()}\n\t\t\t\t<\/script>\n\t\t\t<\/rs-module-wrap>\n\t\t\t<!-- END REVOLUTION SLIDER -->\n<\/div><\/div><\/div><\/div><\/section><section class=\"l-section wpb_row height_auto\"><div class=\"l-section-h i-cf\"><div class=\"g-cols vc_row via_grid cols_1 laptops-cols_inherit tablets-cols_inherit mobiles-cols_1 valign_top type_default stacking_default\"><div class=\"wpb_column vc_column_container\"><div class=\"vc_column-inner\"><div class=\"w-separator size_small\"><\/div><h2 class=\"w-text us_custom_4621708f\"><span class=\"w-text-h\"><span class=\"w-text-value\">Las grandes cifras del reciclaje<\/span><\/span><\/h2><div class=\"g-cols wpb_row via_grid cols_3 laptops-cols_inherit tablets-cols_inherit mobiles-cols_1 valign_top type_default stacking_default\"><div class=\"wpb_column vc_column_container us_custom_ad94bc30 has_bg_color\"><div class=\"vc_column-inner\"><div class=\"w-image align_center\"><div class=\"w-image-h\"><img loading=\"lazy\" decoding=\"async\" width=\"64\" height=\"52\" src=\"https:\/\/www.asipla.cl\/marketplace\/wp-content\/uploads\/2023\/09\/consumo-plastico.png\" class=\"attachment-full size-full\" alt=\"\" \/><\/div><\/div><div class=\"w-separator size_small\"><\/div><div class=\"wpb_text_column us_custom_e6a1a8d1\"><div class=\"wpb_wrapper\"><p>El consumo aparente de<br \/>\npl\u00e1sticos en Chile es de<\/p>\n<\/div><\/div><div class=\"wpb_text_column us_custom_f0ff66e0\"><div class=\"wpb_wrapper\"><p><span style=\"color: #01804b; font-size: 44px;\">1.245.000<\/span><br \/>\n<span style=\"color: #01804b;\">toneladas anuales.<\/span><\/p>\n<\/div><\/div><\/div><\/div><div class=\"wpb_column vc_column_container us_custom_ad94bc30 has_bg_color\"><div class=\"vc_column-inner\"><div class=\"w-image align_center\"><div class=\"w-image-h\"><img loading=\"lazy\" decoding=\"async\" width=\"50\" height=\"64\" src=\"https:\/\/www.asipla.cl\/marketplace\/wp-content\/uploads\/2023\/09\/envases-plasticos.png\" class=\"attachment-full size-full\" alt=\"\" \/><\/div><\/div><div class=\"w-separator size_small\"><\/div><div class=\"wpb_text_column us_custom_e6a1a8d1\"><div class=\"wpb_wrapper\"><p>De ellas, el <span style=\"color: #01804b;\">48%<\/span> se destina a envases y embalajes de todo tipo, <span style=\"color: #01804b;\">21%<\/span> a construcci\u00f3n, <span style=\"color: #01804b;\">8%<\/span> a agricultura y pesca, <span style=\"color: #01804b;\">8%<\/span> a miner\u00eda, <span style=\"color: #01804b;\">8%<\/span> retail y <span style=\"color: #01804b;\">7%<\/span> a otras aplicaciones.<\/p>\n<\/div><\/div><\/div><\/div><div class=\"wpb_column vc_column_container us_custom_ad94bc30 has_bg_color\"><div class=\"vc_column-inner\"><div class=\"w-image align_center\"><div class=\"w-image-h\"><img loading=\"lazy\" decoding=\"async\" width=\"44\" height=\"64\" src=\"https:\/\/www.asipla.cl\/marketplace\/wp-content\/uploads\/2023\/10\/total-plastico.png\" class=\"attachment-full size-full\" alt=\"\" \/><\/div><\/div><div class=\"w-separator size_small\"><\/div><div class=\"wpb_text_column us_custom_e6a1a8d1\"><div class=\"wpb_wrapper\"><p>Seg\u00fan \u00faltimo estudio realizado por ASIPLA, del total de pl\u00e1sticos que se consumieron en 2022, se recicl\u00f3 un <span style=\"color: #377e50;\">7,8%<\/span>.<br \/>\n<span style=\"font-size: 10px;\">(Tercer Estudio de Reciclaje de los Pl\u00e1sticos de ASIPLA)<\/span><\/p>\n<\/div><\/div><\/div><\/div><\/div><div class=\"w-separator size_medium\"><\/div><div class=\"g-cols wpb_row via_grid cols_3 laptops-cols_inherit tablets-cols_inherit mobiles-cols_1 valign_top type_default stacking_default\"><div class=\"wpb_column vc_column_container us_custom_ad94bc30 has_bg_color\"><div class=\"vc_column-inner\"><div class=\"w-image align_center\"><div class=\"w-image-h\"><img loading=\"lazy\" decoding=\"async\" width=\"60\" height=\"63\" src=\"https:\/\/www.asipla.cl\/marketplace\/wp-content\/uploads\/2023\/09\/embalajes.png\" class=\"attachment-full size-full\" alt=\"\" \/><\/div><\/div><div class=\"w-separator size_small\"><\/div><div class=\"wpb_text_column us_custom_e6a1a8d1\"><div class=\"wpb_wrapper\"><p>La materia prima reciclada en Chile fue de <span style=\"color: #01804b;\">106.870<\/span> toneladas anuales en 2022, un <span style=\"color: #01804b;\">15%<\/span> m\u00e1s que en 2020.<\/p>\n<\/div><\/div><\/div><\/div><div class=\"wpb_column vc_column_container us_custom_ad94bc30 has_bg_color\"><div class=\"vc_column-inner\"><div class=\"w-image align_center\"><div class=\"w-image-h\"><img loading=\"lazy\" decoding=\"async\" width=\"46\" height=\"64\" src=\"https:\/\/www.asipla.cl\/marketplace\/wp-content\/uploads\/2023\/10\/polietileno.png\" class=\"attachment-full size-full\" alt=\"\" \/><\/div><\/div><div class=\"w-separator size_small\"><\/div><div class=\"wpb_text_column us_custom_e6a1a8d1\"><div class=\"wpb_wrapper\"><p>El Polietileno y Polipropileno son los pl\u00e1sticos que m\u00e1s se reciclan en Chile, con un <span style=\"color: #377e50;\">71%<\/span>, predominando el origen industrial y comercial, seguidos por el PET, con un <span style=\"color: #377e50;\">25%<\/span> donde m\u00e1s de la mitad de esos residuos son de origen domiciliario.<\/p>\n<\/div><\/div><\/div><\/div><div class=\"wpb_column vc_column_container us_custom_ad94bc30 has_bg_color\"><div class=\"vc_column-inner\"><div class=\"w-image align_center\"><div class=\"w-image-h\"><img loading=\"lazy\" decoding=\"async\" width=\"64\" height=\"64\" src=\"https:\/\/www.asipla.cl\/marketplace\/wp-content\/uploads\/2023\/09\/destino-manufactura.png\" class=\"attachment-full size-full\" alt=\"\" \/><\/div><\/div><div class=\"w-separator size_small\"><\/div><div class=\"wpb_text_column us_custom_e6a1a8d1\"><div class=\"wpb_wrapper\"><p>Hoy en d\u00eda el <span style=\"color: #377e50;\">39%<\/span> de los pl\u00e1sticos reciclados se destinan a envases y embalajes, seguido de un <span style=\"color: #377e50;\">24%<\/span> destinado al hogar como menaje, jard\u00edn y mobiliario.<\/p>\n<\/div><\/div><\/div><\/div><\/div><div class=\"w-separator size_medium\"><\/div><\/div><\/div><\/div><\/div><\/section>\n","protected":false},"excerpt":{"rendered":"\u201cLos pl\u00e1sticos son una amplia familia de resinas que se inventaron para mejorar la calidad de vida de las personas\u201d Foto: Producto de Revalora Las grandes cifras del reciclajeEl consumo aparente de pl\u00e1sticos en Chile es de 1.245.000 toneladas anuales. De ellas, el 48% se destina a envases y embalajes de todo tipo, 21% a...","protected":false},"author":1,"featured_media":0,"parent":0,"menu_order":0,"comment_status":"closed","ping_status":"open","template":"","meta":{"footnotes":""},"class_list":["post-8944","page","type-page","status-publish","hentry"],"_links":{"self":[{"href":"https:\/\/www.asipla.cl\/marketplace\/wp-json\/wp\/v2\/pages\/8944","targetHints":{"allow":["GET"]}}],"collection":[{"href":"https:\/\/www.asipla.cl\/marketplace\/wp-json\/wp\/v2\/pages"}],"about":[{"href":"https:\/\/www.asipla.cl\/marketplace\/wp-json\/wp\/v2\/types\/page"}],"author":[{"embeddable":true,"href":"https:\/\/www.asipla.cl\/marketplace\/wp-json\/wp\/v2\/users\/1"}],"replies":[{"embeddable":true,"href":"https:\/\/www.asipla.cl\/marketplace\/wp-json\/wp\/v2\/comments?post=8944"}],"version-history":[{"count":24,"href":"https:\/\/www.asipla.cl\/marketplace\/wp-json\/wp\/v2\/pages\/8944\/revisions"}],"predecessor-version":[{"id":9233,"href":"https:\/\/www.asipla.cl\/marketplace\/wp-json\/wp\/v2\/pages\/8944\/revisions\/9233"}],"wp:attachment":[{"href":"https:\/\/www.asipla.cl\/marketplace\/wp-json\/wp\/v2\/media?parent=8944"}],"curies":[{"name":"wp","href":"https:\/\/api.w.org\/{rel}","templated":true}]}}