{"id":3728,"date":"2015-08-26T14:14:01","date_gmt":"2015-08-26T17:14:01","guid":{"rendered":"http:\/\/impreza.us-themes.net\/?page_id=3728"},"modified":"2025-02-27T18:12:16","modified_gmt":"2025-02-27T21:12:16","slug":"noticias","status":"publish","type":"page","link":"https:\/\/www.asipla.cl\/marketplace\/noticias\/","title":{"rendered":"Noticias y otros"},"content":{"rendered":"<section class=\"l-section wpb_row height_custom\"><div class=\"l-section-h i-cf\"><div class=\"g-cols vc_row via_grid cols_1 laptops-cols_inherit tablets-cols_inherit mobiles-cols_1 valign_top type_default stacking_default\"><div class=\"wpb_column vc_column_container\"><div class=\"vc_column-inner\"><h2 class=\"w-text us_custom_4621708f\"><span class=\"w-text-h\"><span class=\"w-text-value\">Noticias<\/span><\/span><\/h2><div class=\"w-separator size_small\"><\/div><div class=\"g-cols wpb_row via_grid cols_2 laptops-cols_inherit tablets-cols_inherit mobiles-cols_1 valign_top type_default stacking_default\"><div class=\"wpb_column vc_column_container\"><div class=\"vc_column-inner\"><div class=\"w-image align_none\"><div class=\"w-image-h\"><img loading=\"lazy\" decoding=\"async\" width=\"617\" height=\"352\" src=\"https:\/\/www.asipla.cl\/marketplace\/wp-content\/uploads\/2025\/02\/Imagen-El-Mercurio.png\" class=\"attachment-full size-full\" alt=\"\" srcset=\"https:\/\/www.asipla.cl\/marketplace\/wp-content\/uploads\/2025\/02\/Imagen-El-Mercurio.png 617w, https:\/\/www.asipla.cl\/marketplace\/wp-content\/uploads\/2025\/02\/Imagen-El-Mercurio-300x171.png 300w\" sizes=\"auto, (max-width: 617px) 100vw, 617px\" \/><\/div><\/div><div class=\"w-separator size_small\"><\/div><div class=\"wpb_text_column\"><div class=\"wpb_wrapper\"><p><a href=\"https:\/\/portal.nexnews.cl\/showN?valor=23v33v\" target=\"_blank\" rel=\"noopener\"><span style=\"color: #377e50;\"><strong>Empresas de la industria del pl\u00e1stico logran significativos avances en econom\u00eda circular tras finalizar Acuerdo de Producci\u00f3n Limpia<\/strong><\/span><\/a><br \/>\n5 noviembre, 2024<\/p>\n<\/div><\/div><\/div><\/div><div class=\"wpb_column vc_column_container\"><div class=\"vc_column-inner\"><div class=\"w-image align_none\"><div class=\"w-image-h\"><img loading=\"lazy\" decoding=\"async\" width=\"700\" height=\"409\" src=\"https:\/\/www.asipla.cl\/marketplace\/wp-content\/uploads\/2025\/02\/Imagen-noticia-El-Mostrador.jpg\" class=\"attachment-full size-full\" alt=\"\" srcset=\"https:\/\/www.asipla.cl\/marketplace\/wp-content\/uploads\/2025\/02\/Imagen-noticia-El-Mostrador.jpg 700w, https:\/\/www.asipla.cl\/marketplace\/wp-content\/uploads\/2025\/02\/Imagen-noticia-El-Mostrador-300x175.jpg 300w\" sizes=\"auto, (max-width: 700px) 100vw, 700px\" \/><\/div><\/div><div class=\"w-separator size_small\"><\/div><div class=\"wpb_text_column\"><div class=\"wpb_wrapper\"><p><a href=\"https:\/\/www.elmostrador.cl\/agenda-pais\/agenda-sustentable\/2023\/12\/05\/concluyen-con-exito-implementacion-de-apl-que-impulsa-demanda-de-resinas-plasticas-recicladas\/\" target=\"_blank\" rel=\"noopener\"><span style=\"color: #377e50;\"><strong>Concluyen con \u00e9xito implementaci\u00f3n de APL que impulsa la demanda de resinas pl\u00e1sticas recicladas<\/strong><\/span><\/a><br \/>\n5 diciembre, 2023<\/p>\n<\/div><\/div><\/div><\/div><\/div><div class=\"w-separator size_medium\"><\/div><div class=\"g-cols wpb_row via_grid cols_2 laptops-cols_inherit tablets-cols_inherit mobiles-cols_1 valign_top type_default stacking_default\"><div class=\"wpb_column vc_column_container\"><div class=\"vc_column-inner\"><div class=\"w-image align_none\"><div class=\"w-image-h\"><img loading=\"lazy\" decoding=\"async\" width=\"1024\" height=\"634\" src=\"https:\/\/www.asipla.cl\/marketplace\/wp-content\/uploads\/2025\/02\/Magdalena-Balcells.jpg\" class=\"attachment-full size-full\" alt=\"\" srcset=\"https:\/\/www.asipla.cl\/marketplace\/wp-content\/uploads\/2025\/02\/Magdalena-Balcells.jpg 1024w, https:\/\/www.asipla.cl\/marketplace\/wp-content\/uploads\/2025\/02\/Magdalena-Balcells-300x186.jpg 300w\" sizes=\"auto, (max-width: 1024px) 100vw, 1024px\" \/><\/div><\/div><div class=\"w-separator size_small\"><\/div><div class=\"wpb_text_column\"><div class=\"wpb_wrapper\"><p><a href=\"https:\/\/www.piensacircular.com\/columna\/y-despues-de-la-ley-rep-que\/\" target=\"_blank\" rel=\"noopener\"><span style=\"color: #377e50;\"><strong>\u00bfY despu\u00e9s de la Ley REP qu\u00e9?<\/strong> <\/span><\/a><br \/>\n8 febrero, 2023<\/p>\n<\/div><\/div><\/div><\/div><div class=\"wpb_column vc_column_container\"><div class=\"vc_column-inner\"><div class=\"w-image align_none\"><div class=\"w-image-h\"><img loading=\"lazy\" decoding=\"async\" width=\"432\" height=\"273\" src=\"https:\/\/www.asipla.cl\/marketplace\/wp-content\/uploads\/2023\/10\/noticia1.jpg\" class=\"attachment-full size-full\" alt=\"\" srcset=\"https:\/\/www.asipla.cl\/marketplace\/wp-content\/uploads\/2023\/10\/noticia1.jpg 432w, https:\/\/www.asipla.cl\/marketplace\/wp-content\/uploads\/2023\/10\/noticia1-300x190.jpg 300w\" sizes=\"auto, (max-width: 432px) 100vw, 432px\" \/><\/div><\/div><div class=\"w-separator size_small\"><\/div><div class=\"wpb_text_column\"><div class=\"wpb_wrapper\"><p><a href=\"https:\/\/www.elmostrador.cl\/agenda-pais\/2022\/10\/27\/la-industria-del-plastico-sigue-avanzando-hacia-la-circularidad-con-importante-acuerdo-publico-privado\/\" target=\"_blank\" rel=\"noopener\"><span style=\"color: #377e50;\"><strong>La industria del pl\u00e1stico sigue avanzando hacia la circularidad con importante acuerdo p\u00fablico-privado<\/strong> <\/span><\/a><br \/>\n27 octubre, 2022<\/p>\n<\/div><\/div><\/div><\/div><\/div><div class=\"w-separator size_medium\"><\/div><div class=\"g-cols wpb_row via_grid cols_2 laptops-cols_inherit tablets-cols_inherit mobiles-cols_1 valign_top type_default stacking_default\"><div class=\"wpb_column vc_column_container\"><div class=\"vc_column-inner\"><div class=\"w-image align_none\"><div class=\"w-image-h\"><img loading=\"lazy\" decoding=\"async\" width=\"432\" height=\"273\" src=\"https:\/\/www.asipla.cl\/marketplace\/wp-content\/uploads\/2023\/10\/noticia1.jpg\" class=\"attachment-full size-full\" alt=\"\" srcset=\"https:\/\/www.asipla.cl\/marketplace\/wp-content\/uploads\/2023\/10\/noticia1.jpg 432w, https:\/\/www.asipla.cl\/marketplace\/wp-content\/uploads\/2023\/10\/noticia1-300x190.jpg 300w\" sizes=\"auto, (max-width: 432px) 100vw, 432px\" \/><\/div><\/div><div class=\"w-separator size_small\"><\/div><div class=\"wpb_text_column\"><div class=\"wpb_wrapper\"><p><a href=\"https:\/\/www.df.cl\/df-lab\/sostenibilidad\/industria-del-plastico-busca-reemplazar-la-resina-plastica-virgen-por\" target=\"_blank\" rel=\"noopener\"><span style=\"color: #377e50;\"><strong>Industria del pl\u00e1stico busca reemplazar la resina pl\u00e1stica virgen por material reciclado <\/strong><\/span><\/a><br \/>\n21 de septiembre 2021<\/p>\n<\/div><\/div><\/div><\/div><div class=\"wpb_column vc_column_container\"><div class=\"vc_column-inner\"><div class=\"w-image align_none\"><div class=\"w-image-h\"><img loading=\"lazy\" decoding=\"async\" width=\"432\" height=\"273\" src=\"https:\/\/www.asipla.cl\/marketplace\/wp-content\/uploads\/2023\/10\/noticia5.jpg\" class=\"attachment-full size-full\" alt=\"\" srcset=\"https:\/\/www.asipla.cl\/marketplace\/wp-content\/uploads\/2023\/10\/noticia5.jpg 432w, https:\/\/www.asipla.cl\/marketplace\/wp-content\/uploads\/2023\/10\/noticia5-300x190.jpg 300w\" sizes=\"auto, (max-width: 432px) 100vw, 432px\" \/><\/div><\/div><div class=\"w-separator size_small\"><\/div><div class=\"wpb_text_column\"><div class=\"wpb_wrapper\"><p><a href=\"https:\/\/codexverde.cl\/el-sector-del-plastico-se-reune-para-potenciar-la-demanda-de-resinas-recicladas\/\" target=\"_blank\" rel=\"noopener\"><span style=\"color: #377e50;\"><strong>El sector del pl\u00e1stico se re\u00fane para potenciar la demanda de resinas recicladas<\/strong><\/span><\/a><br \/>\n21 de septiembre 2021<\/p>\n<\/div><\/div><\/div><\/div><\/div><div class=\"w-separator size_medium\"><\/div><div class=\"g-cols wpb_row via_grid cols_2 laptops-cols_inherit tablets-cols_inherit mobiles-cols_1 valign_top type_default stacking_default\"><div class=\"wpb_column vc_column_container\"><div class=\"vc_column-inner\"><div class=\"w-image align_none\"><div class=\"w-image-h\"><img loading=\"lazy\" decoding=\"async\" width=\"432\" height=\"273\" src=\"https:\/\/www.asipla.cl\/marketplace\/wp-content\/uploads\/2023\/10\/noticia4.jpg\" class=\"attachment-full size-full\" alt=\"\" srcset=\"https:\/\/www.asipla.cl\/marketplace\/wp-content\/uploads\/2023\/10\/noticia4.jpg 432w, https:\/\/www.asipla.cl\/marketplace\/wp-content\/uploads\/2023\/10\/noticia4-300x190.jpg 300w\" sizes=\"auto, (max-width: 432px) 100vw, 432px\" \/><\/div><\/div><div class=\"w-separator size_small\"><\/div><div class=\"wpb_text_column\"><div class=\"wpb_wrapper\"><p><a href=\"https:\/\/www.paiscircular.cl\/industria\/sector-del-plastico-se-une-para-potenciar-la-demanda-de-resinas-recicladas\/\" target=\"_blank\" rel=\"noopener\"><span style=\"color: #377e50;\"><strong>Sector del Pl\u00e1stico se une para potenciar la demanda de resinas recicladas<\/strong> <\/span><\/a><br \/>\n14 de septiembre 2021<\/p>\n<\/div><\/div><\/div><\/div><div class=\"wpb_column vc_column_container\"><div class=\"vc_column-inner\"><div class=\"w-image align_none\"><div class=\"w-image-h\"><img loading=\"lazy\" decoding=\"async\" width=\"432\" height=\"273\" src=\"https:\/\/www.asipla.cl\/marketplace\/wp-content\/uploads\/2023\/10\/noticia4.jpg\" class=\"attachment-full size-full\" alt=\"\" srcset=\"https:\/\/www.asipla.cl\/marketplace\/wp-content\/uploads\/2023\/10\/noticia4.jpg 432w, https:\/\/www.asipla.cl\/marketplace\/wp-content\/uploads\/2023\/10\/noticia4-300x190.jpg 300w\" sizes=\"auto, (max-width: 432px) 100vw, 432px\" \/><\/div><\/div><div class=\"w-separator size_small\"><\/div><div class=\"wpb_text_column\"><div class=\"wpb_wrapper\"><p><a href=\"https:\/\/fch.cl\/noticias\/acuerdo-de-produccion-limpia-liderado-por-asipla-busca-potenciar-la-demanda-de-resinas-plasticas-recicladas\/\" target=\"_blank\" rel=\"noopener\"><span style=\"color: #377e50;\"><strong>Acuerdo de Producci\u00f3n Limpia liderado por ASIPLA busca potenciar la demanda de resinas pl\u00e1sticas recicladas<\/strong> <\/span><\/a><br \/>\n15 de marzo 2021<\/p>\n<\/div><\/div><\/div><\/div><\/div><div class=\"w-separator size_medium\"><\/div><h2 class=\"w-text us_custom_4621708f\"><span class=\"w-text-h\"><span class=\"w-text-value\">Entrevistas y webinars<\/span><\/span><\/h2><div class=\"w-separator size_small\"><\/div><div class=\"g-cols wpb_row via_grid cols_2 laptops-cols_inherit tablets-cols_inherit mobiles-cols_1 valign_top type_default stacking_default\"><div class=\"wpb_column vc_column_container\"><div class=\"vc_column-inner\"><div class=\"w-video align_center ratio_16x9 has_iframe\"><div class=\"w-video-h\"><iframe title=\"Youtube video player\" src=\"\/\/www.youtube.com\/embed\/JXlT1y00_9Q?origin=https:\/\/www.asipla.cl\/marketplace&controls=1\" allowfullscreen=\"1\" loading=\"lazy\"><\/iframe><\/div><div class=\"w-video-icon\" style=\"font-size:1.5rem;background:rgba(0,0,0,0.5);color:#fff\"><\/div><\/div><div class=\"w-separator size_small\"><\/div><div class=\"wpb_text_column\"><div class=\"wpb_wrapper\"><p><span style=\"color: #377e50;\"><strong>Entrevista Magdalena Balcells, Radio ADN<\/strong><\/span><br \/>\nNoviembre 2024<\/p>\n<\/div><\/div><\/div><\/div><div class=\"wpb_column vc_column_container\"><div class=\"vc_column-inner\"><div class=\"w-video align_center ratio_16x9\"><div class=\"w-video-h\"><iframe loading=\"lazy\" title=\"Magdalena Balcells convers\u00f3 sobre la reutilizaci\u00f3n de los pl\u00e1sticos #ClaveMorse\" width=\"640\" height=\"360\" src=\"https:\/\/www.youtube.com\/embed\/aZno4bRivpc?feature=oembed\" frameborder=\"0\" allow=\"accelerometer; autoplay; clipboard-write; encrypted-media; gyroscope; picture-in-picture; web-share\" referrerpolicy=\"strict-origin-when-cross-origin\" allowfullscreen><\/iframe><\/div><div class=\"w-video-icon\" style=\"font-size:1.5rem;background:rgba(0,0,0,0.5);color:#fff\"><\/div><\/div><div class=\"w-separator size_small\"><\/div><div class=\"wpb_text_column\"><div class=\"wpb_wrapper\"><p><span style=\"color: #377e50;\"><b>Entrevista Magdalena Balcells, Radio La Clave<\/b><\/span><br \/>\nOctubre 2024<\/p>\n<\/div><\/div><\/div><\/div><\/div><div class=\"w-separator size_medium\"><\/div><div class=\"g-cols wpb_row via_grid cols_2 laptops-cols_inherit tablets-cols_inherit mobiles-cols_1 valign_top type_default stacking_default\"><div class=\"wpb_column vc_column_container\"><div class=\"vc_column-inner\"><div class=\"w-video align_center ratio_16x9 has_iframe\"><div class=\"w-video-h\"><iframe title=\"Youtube video player\" src=\"\/\/www.youtube.com\/embed\/5quy8I8A1lU?origin=https:\/\/www.asipla.cl\/marketplace&controls=1\" allowfullscreen=\"1\" loading=\"lazy\"><\/iframe><\/div><div class=\"w-video-icon\" style=\"font-size:1.5rem;background:rgba(0,0,0,0.5);color:#fff\"><\/div><\/div><div class=\"w-separator size_small\"><\/div><div class=\"wpb_text_column\"><div class=\"wpb_wrapper\"><p><span style=\"color: #377e50;\"><strong>Webinar &#8220;Avanzando en la circularidad de los pl\u00e1sticos para la miner\u00eda y construcci\u00f3n&#8221;<br \/>\n<\/strong><\/span>Octubre 2023<\/p>\n<\/div><\/div><\/div><\/div><div class=\"wpb_column vc_column_container\"><div class=\"vc_column-inner\"><div class=\"w-video align_center ratio_16x9 has_iframe\"><div class=\"w-video-h\"><iframe title=\"Youtube video player\" src=\"\/\/www.youtube.com\/embed\/s2E6G-cRogI?origin=https:\/\/www.asipla.cl\/marketplace&controls=1\" allowfullscreen=\"1\" loading=\"lazy\"><\/iframe><\/div><div class=\"w-video-icon\" style=\"font-size:1.5rem;background:rgba(0,0,0,0.5);color:#fff\"><\/div><\/div><div class=\"w-separator size_small\"><\/div><div class=\"wpb_text_column\"><div class=\"wpb_wrapper\"><p><span style=\"color: #377e50;\"><strong>Webinar &#8220;Circularidad de los embalajes pl\u00e1sticos: desaf\u00edos y oportunidades&#8221;<br \/>\n<\/strong><\/span>Agosto 2023<\/p>\n<\/div><\/div><\/div><\/div><\/div><div class=\"w-separator size_medium\"><\/div><div class=\"g-cols wpb_row via_grid cols_2 laptops-cols_inherit tablets-cols_inherit mobiles-cols_1 valign_top type_default stacking_default\"><div class=\"wpb_column vc_column_container\"><div class=\"vc_column-inner\"><div class=\"w-video align_center ratio_16x9 has_iframe\"><div class=\"w-video-h\"><iframe title=\"Youtube video player\" src=\"\/\/www.youtube.com\/embed\/6V94rBk96wQ?origin=https:\/\/www.asipla.cl\/marketplace&controls=1\" allowfullscreen=\"1\" loading=\"lazy\"><\/iframe><\/div><div class=\"w-video-icon\" style=\"font-size:1.5rem;background:rgba(0,0,0,0.5);color:#fff\"><\/div><\/div><div class=\"w-separator size_small\"><\/div><div class=\"wpb_text_column\"><div class=\"wpb_wrapper\"><p><span style=\"color: #377e50;\"><strong>Webinar &#8220;Desaf\u00edos y oportunidades para la circularidad de los pl\u00e1sticos en el agro y la pesca&#8221;<br \/>\n<\/strong><\/span>Abril 2023<\/p>\n<\/div><\/div><\/div><\/div><div class=\"wpb_column vc_column_container\"><div class=\"vc_column-inner\"><\/div><\/div><\/div><\/div><\/div><\/div><\/div><\/section>\n","protected":false},"excerpt":{"rendered":"NoticiasEmpresas de la industria del pl\u00e1stico logran significativos avances en econom\u00eda circular tras finalizar Acuerdo de Producci\u00f3n Limpia 5 noviembre, 2024 Concluyen con \u00e9xito implementaci\u00f3n de APL que impulsa la demanda de resinas pl\u00e1sticas recicladas 5 diciembre, 2023 \u00bfY despu\u00e9s de la Ley REP qu\u00e9? 8 febrero, 2023 La industria del pl\u00e1stico sigue avanzando hacia...","protected":false},"author":1,"featured_media":0,"parent":0,"menu_order":0,"comment_status":"closed","ping_status":"closed","template":"","meta":{"footnotes":""},"class_list":["post-3728","page","type-page","status-publish","hentry"],"_links":{"self":[{"href":"https:\/\/www.asipla.cl\/marketplace\/wp-json\/wp\/v2\/pages\/3728","targetHints":{"allow":["GET"]}}],"collection":[{"href":"https:\/\/www.asipla.cl\/marketplace\/wp-json\/wp\/v2\/pages"}],"about":[{"href":"https:\/\/www.asipla.cl\/marketplace\/wp-json\/wp\/v2\/types\/page"}],"author":[{"embeddable":true,"href":"https:\/\/www.asipla.cl\/marketplace\/wp-json\/wp\/v2\/users\/1"}],"replies":[{"embeddable":true,"href":"https:\/\/www.asipla.cl\/marketplace\/wp-json\/wp\/v2\/comments?post=3728"}],"version-history":[{"count":31,"href":"https:\/\/www.asipla.cl\/marketplace\/wp-json\/wp\/v2\/pages\/3728\/revisions"}],"predecessor-version":[{"id":9257,"href":"https:\/\/www.asipla.cl\/marketplace\/wp-json\/wp\/v2\/pages\/3728\/revisions\/9257"}],"wp:attachment":[{"href":"https:\/\/www.asipla.cl\/marketplace\/wp-json\/wp\/v2\/media?parent=3728"}],"curies":[{"name":"wp","href":"https:\/\/api.w.org\/{rel}","templated":true}]}}